{"id":132,"date":"2026-04-29T23:09:34","date_gmt":"2026-04-29T21:09:34","guid":{"rendered":"https:\/\/pta.info.pl\/?page_id=132"},"modified":"2026-04-30T11:03:44","modified_gmt":"2026-04-30T09:03:44","slug":"wydarzenia","status":"publish","type":"page","link":"https:\/\/pta.info.pl\/?page_id=132","title":{"rendered":"Wydarzenia"},"content":{"rendered":"\t\t<div data-elementor-type=\"wp-page\" data-elementor-id=\"132\" class=\"elementor elementor-132\" data-elementor-post-type=\"page\">\n\t\t\t\t<div class=\"elementor-element elementor-element-b40f0c6 e-flex e-con-boxed e-con e-parent\" data-id=\"b40f0c6\" data-element_type=\"container\" data-e-type=\"container\">\n\t\t\t\t\t<div class=\"e-con-inner\">\n\t\t\t\t<div class=\"elementor-element elementor-element-883fe59 elementor-widget elementor-widget-spacer\" data-id=\"883fe59\" data-element_type=\"widget\" data-e-type=\"widget\" data-widget_type=\"spacer.default\">\n\t\t\t\t\t\t\t<div class=\"elementor-spacer\">\n\t\t\t<div class=\"elementor-spacer-inner\"><\/div>\n\t\t<\/div>\n\t\t\t\t\t\t<\/div>\n\t\t\t\t\t<\/div>\n\t\t\t\t<\/div>\n\t\t<div class=\"elementor-element elementor-element-7af87f4 e-flex e-con-boxed e-con e-parent\" data-id=\"7af87f4\" data-element_type=\"container\" data-e-type=\"container\">\n\t\t\t\t\t<div class=\"e-con-inner\">\n\t\t\t\t<div class=\"elementor-element elementor-element-c730abc elementor-widget elementor-widget-heading\" data-id=\"c730abc\" data-element_type=\"widget\" data-e-type=\"widget\" data-widget_type=\"heading.default\">\n\t\t\t\t\t<h2 class=\"elementor-heading-title elementor-size-default\">Wydarzenia<\/h2>\t\t\t\t<\/div>\n\t\t\t\t\t<\/div>\n\t\t\t\t<\/div>\n\t\t<div class=\"elementor-element elementor-element-93e483c e-flex e-con-boxed e-con e-parent\" data-id=\"93e483c\" data-element_type=\"container\" data-e-type=\"container\">\n\t\t\t\t\t<div class=\"e-con-inner\">\n\t\t\t\t<div class=\"elementor-element elementor-element-59142b3 elementor-widget-divider--view-line elementor-widget elementor-widget-divider\" data-id=\"59142b3\" data-element_type=\"widget\" data-e-type=\"widget\" data-widget_type=\"divider.default\">\n\t\t\t\t\t\t\t<div class=\"elementor-divider\">\n\t\t\t<span class=\"elementor-divider-separator\">\n\t\t\t\t\t\t<\/span>\n\t\t<\/div>\n\t\t\t\t\t\t<\/div>\n\t\t\t\t\t<\/div>\n\t\t\t\t<\/div>\n\t\t<div class=\"elementor-element elementor-element-42f89a1 e-flex e-con-boxed e-con e-parent\" data-id=\"42f89a1\" data-element_type=\"container\" data-e-type=\"container\">\n\t\t\t\t\t<div class=\"e-con-inner\">\n\t\t\t\t<div class=\"elementor-element elementor-element-f761626 elementor-widget elementor-widget-text-editor\" data-id=\"f761626\" data-element_type=\"widget\" data-e-type=\"widget\" data-widget_type=\"text-editor.default\">\n\t\t\t\t\t\t\t\t\t<p>29.01.2026<\/p><p>Tablica ku czci prof. Zygmunta Szantrocha w gmachu Katedry Anatomii UJ CM\u00a0<\/p><p>W dniu 2.02.2026 o godz. 17.00 z inicjatywy Stowarzyszenia Absolwent\u00f3w Wydzia\u0142\u00f3w Medycznych Uniwersytetu Jagiello\u0144skiego oraz Krakowskiego Towarzystwa Mi\u0142o\u015bnik\u00f3w Historii Medycyny odb\u0119dzie si\u0119 ods\u0142oni\u0119cie tablicy pami\u0105tkowej ku czci prof. Zygmunta Szantrocha (24.04.1894 \u2013 1940), ostatniego kierownika Katedry Anatomii Opisowej UJ przed wojn\u0105, nast\u0119pcy prof. Kazimierza Kostaneckiego.\u00a0<\/p><p>Zygmunt Szantroch rozpocz\u0105\u0142 karier\u0119 naukow\u0105 jeszcze jako student. Kostanecki zorganizowa\u0142 dwie pracownie: neurologiczn\u0105, kt\u00f3rej kierownictwo powierzy\u0142 Adamowi Bochenkowi, oraz embriologiczn\u0105, kt\u00f3r\u0105 kierowa\u0142 Emil Godlewski. Z tego okresu datuj\u0105 si\u0119 zainteresowania embriologiczno-neurologiczne Szantrocha. Od 1. stycznia 1919 Szantroch pracowa\u0142 jako demonstrator, dwa lata p\u00f3\u017aniej jako m\u0142odszy asystent, a po siedmiu latach jako starszy asystent, by w 1936 roku obj\u0105\u0107 Katedr\u0119 po Kostaneckim. W 1930 roku habilitowa\u0142 si\u0119 na podstawie dysertacji \u201eHistogeneza zwoj\u00f3w sercowych\u201d, jako drugi z docent\u00f3w Kostaneckiego po Tadeuszu Rogalskim. 4. kwietnia 1936 r. zosta\u0142 mianowany przez Prezydenta profesorem nadzwyczajnym anatomii na Wydziale Lekarskim UJ. 9. czerwca 1939 zosta\u0142 wybrany cz\u0142onkiem korespondentem Wydzia\u0142u Lekarskiego PAU. Wraz z wybuchem II wojny \u015bwiatowej Szantroch zosta\u0142 powo\u0142any do wojska. Aresztowany przez sowiet\u00f3w, przewieziony do Starobielska, a nast\u0119pnie Charkowa, zgin\u0105\u0142 zamordowany w do\u0142ach \u015bmierci (Chark\u00f3w \u2013 Piatichatki).<\/p><p><strong>22.07.2025<\/strong><\/p><p>Prof. dr hab. n. med.\u00a0MICHA\u0141 POLGUJ HONOROWYM WICEPREZYDENTEM EUROPEJSKIEGO TOWARZYSTWA ANATOMII KLINICZNEJ<\/p><p>\u00a0<\/p><p>Z ogromn\u0105 satysfakcj\u0119 przekazujemy informacj\u0119, \u017ce podczas Kongresu <a href=\"https:\/\/eaca-aeac.com\/\">European Association of Clinical Anatomy<\/a> (EACA) i International Symposium of Clinical and Applied Anatomy (ISCAA) w Rouen (Francja) w dniach 25-27.06.2025 roku, Profesor Micha\u0142 Polguj \u2013 kierownik Zak\u0142adu Anatomii Prawid\u0142owej i Klinicznej oraz Katedry Anatomii i Histologii, Uniwersytetu Medycznego w \u0141odzi, zosta\u0142 Honorowym Wiceprezydentem Europejskiego Towarzystwa Anatomii Klinicznej na kadencj\u0119 2025-2027. Wyb\u00f3r Pana Profesora jest wyr\u00f3\u017cnieniem ze strony grona Europejskich Anatom\u00f3w oraz docenieniem Jego wieloletniego wk\u0142adu w rozw\u00f3j wsp\u00f3\u0142pracy mi\u0119dzynarodowej. GRATULUJEMY.<\/p><p>\u00a0<\/p><p><strong>05.12.2024<\/strong><\/p><p>W dniach 5-8 wrze\u015bnia 2024 na Kongresie International Federation of Anatomical Associations (IFAA) w Gwangju (Korea Po\u0142udniowa) powo\u0142ano kolejny Zarz\u0105d, w sk\u0142ad kt\u00f3rego w randze jednego z sekretarzy powo\u0142ano, po raz pierwszy w historii towarzystwa, Polaka \u2013 prof. dr hab. Jerzego Waloch\u0119. Profesor ju\u017c wcze\u015bniej by\u0142 cz\u0142onkiem Komitetu IFAA ds. Naukowych Publikacji (FICSP).<br \/>\u00a0 <br \/>\u00a0 IFAA jest najwi\u0119ksz\u0105 organizacj\u0105 zrzeszaj\u0105c\u0105 57 towarzystw anatomicznych z ca\u0142ego \u015bwiata. Powsta\u0142a w 1903 roku, kiedy to podczas spotkania I Federacji Mi\u0119dzynarodowych Kongres\u00f3w Anatomicznych w Genewie stworzono organizacj\u0119 zrzeszaj\u0105c\u0105 anatom\u00f3w, histolog\u00f3w, morfolog\u00f3w, antropolog\u00f3w, weterynarzy, biolog\u00f3w, zoolog\u00f3w z ca\u0142ego \u015bwiata. Na II kongresie w Belgii powo\u0142ano pierwsze biuro (zarz\u0105d), w sk\u0142ad kt\u00f3rego weszli przedstawiciele pi\u0119ciu stowarzysze\u0144 za\u0142o\u017cycielskich: Associacion des Anatomistes (Francja), Anatomische Gesellschaft (Niemcy), Unione Zoologica Italiana (W\u0142ochy), Anatomical Society of Great Britain and Ireland (Wielka Brytania) i American Association of Anatomists (USA). Kongresy IFAA odbywaj\u0105 si\u0119 co 4-5 lat.<br \/>\u00a0 <br \/>\u00a0 Prof. Jerzy Walocha jest od pocz\u0105tku swojej kariery zatrudniony w Katedrze Anatomii UJ CM \u2013 prac\u0119 podj\u0105\u0142 jeszcze na V roku studi\u00f3w na Wydziale Lekarskim \u00f3wczesnej Akademii Medycznej im. Miko\u0142aja Kopernika. Przeszed\u0142 wszystkie szczeble kariery akademickiej do stanowiska kierownika Katedry w\u0142\u0105cznie. W latach 2006\/7 pe\u0142ni\u0142 funkcj\u0119 p.o. kierownika Pracowni Mikroskopii Skaningowej UJ CM przy Klinice Otolaryngologii. W latach 2009-2019 pe\u0142ni\u0142 funkcj\u0119 Przewodnicz\u0105cego Rady Szko\u0142y Medycznej dla Obcokrajowc\u00f3w. Jest autorem ponad 500 publikacji (ponad 500 IF, ponad 20 tys. pkt. MNiSW, indeks Hirscha 31 wg. bazy Web of Science Core Collection), promotorem 16 uko\u0144czonych doktorat\u00f3w, wielokrotnie nagradzanym dydaktykiem, m.in. laureatem nagrody JM Rektora UJ \u201ePro arter docendi\u201d (2015), odznaczony Medalem Komisji Edukacji Narodowej (2006) i Br\u0105zowego Medalu za D\u0142ugoletni\u0105 S\u0142u\u017cb\u0119 (2007). Aktualnie prof. Walocha jest wiceprzewodnicz\u0105cym Zarz\u0105du G\u0142\u00f3wnego Polskiego Towarzystwa Anatomicznego, cz\u0142onkiem American Association of Anatomists, sekretarzem Europejskiego Towarzystwa Eksperymentalnej Morfologii (zrzeszaj\u0105cego wszystkie anatomiczne towarzystwa z Europy \u2013 r\u00f3wnie\u017c jako pierwszy Polak w historii towarzystwa), redaktorem naczelnym anatomicznego periodyku \u201eTranslational Research in Anatomy\u201d wydawanego przez Elsevier (od 2020). Zar\u00f3wno w 2022, jak i w ostatnio og\u0142oszonym za 2023 rankingu Uniwersytetu Stanforda we wsp\u00f3\u0142pracy z Elsevier i Sci Tech Strategies znalaz\u0142 si\u0119 na li\u015bcie 2% najcz\u0119\u015bciej cytowanych naukowc\u00f3w na \u015bwiecie.<\/p><p>\u00a0<\/p><p><strong>\u00a005.06.2023<\/strong><\/p><p><strong>\u00a0<\/strong><\/p><p>W sobot\u0119 27 maja w Collegium Medicum UJK odby\u0142 si\u0119 fina\u0142 XXXVI edycji Og\u00f3lnopolskiego Konkursu Wiedzy Anatomicznej Scapula Aurea\/Golden Scapula.<\/p><p>\u00a0<\/p><p>Tegoroczn\u0105, XXXVI edycj\u0119 konkursu Golden Scapula, przygotowa\u0142 i przeprowadzi\u0142 Zesp\u00f3\u0142 Zak\u0142adu Anatomii Collegium Medicum UJK w Kielcach. Patronat nad wydarzeniem obj\u0119\u0142a Jego Magnificencja Rektor Uniwersytetu Jana Kochanowskiego w Kielcach prof. dr hab. n. med. Stanis\u0142aw G\u0142uszek, Prezydent Miasta Kielce Bogdan Wenta oraz Prezes Polskiego Towarzystwa Anatomicznego prof. dr. hab. Janusz Mory\u015b.<\/p><p>W konkursie udzia\u0142 wzi\u0119li najlepsi studenci z 13 uczelni medycznych z ca\u0142ej Polski.<\/p><p>Zmagania uczestnik\u00f3w rozpocz\u0119\u0142y si\u0119 od cz\u0119\u015bci teoretycznej, czyli testu z\u0142o\u017conego z 60 pyta\u0144. W kolejnym etapie konkursu studenci musieli prawid\u0142owo zidentyfikowa\u0107 20 struktur anatomicznych.<\/p><p>Po zako\u0144czeniu cz\u0119\u015bci praktycznej nadszed\u0142 czas na og\u0142oszenie wynik\u00f3w zmaga\u0144. Nagrody przyznano w dw\u00f3ch kategoriach: dru\u017cynowej i indywidualnej, z podzia\u0142em na uczestnik\u00f3w polsko- i angloj\u0119zycznych. Laureaci otrzymali podr\u0119czniki medyczne oraz statuetki ozdobione krzemieniem pasiastym, stanowi\u0105cym bogactwo ziemi \u015bwi\u0119tokrzyskiej. Nagrody wr\u0119czy\u0142 JM Rektor UJK prof. dr hab. Stanis\u0142aw G\u0142uszek<\/p><p>Wyniki w kategorii indywidualnej: 1 miejsce &#8211; Maciej Bolek, Collegium Medicum UJK w Kielcach 2 miejsce &#8211; Micha\u0142 Rubelowski, Collegium Medicum w Bydgoszczy UMK w Toruniu 3 miejsce &#8211; Hubert Kostek, Collegium Medicum UJK w Kielcach<\/p><p>Wyniki w kategorii indywidualnej English Division:<\/p><p>1 miejsce &#8211; Ali Ayman Salem \u2013 Collegium Medicum w Bydgoszczy Uniwersytetu Miko\u0142aja Kopernika w Toruniu<\/p><p>2 miejsce &#8211; Christiana Alali Boma-George \u2013 Collegium Medicum w Bydgoszczy Uniwersytetu Miko\u0142aja Kopernika w Toruniu<\/p><p>3 miejsce &#8211; Sigurd Gjengaar \u2013 Uniwersytet Jagiello\u0144ski w Krakowie.<\/p><p>Wyniki w kategorii dru\u017cynowej: 1 miejsce &#8211; dru\u017cyna Collegium Medicum UJK w Kielcach, (Maciej Bolek, Hubert Kostek, Patryk Rzadkowski) 2 miejsce &#8211; dru\u017cyna Collegium Medicum w Bydgoszczy UMK w Toruniu, (Micha\u0142 Rubelowski, Martyna Kumor, Zuzanna Bieli\u0144ska) 3 miejsce &#8211; dru\u017cyna Uniwersytet Jagiello\u0144ski w Krakowie, (Maciej Topa, Krzysztof Kawiak, Klaudia D\u0142ugosz)<\/p><p>Wyniki w kategorii dru\u017cynowej ED:<\/p><p>1 miejsce &#8211; dru\u017cyna Collegium Medicum w Bydgoszczy UMK w Toruniu<\/p><p>2 miejsce &#8211; dru\u017cyna Uniwersytetu Jagiello\u0144skiego w Krakowie<\/p><p>3 miejsce \u2013 dru\u017cyna Warszawskiego Uniwersytetu Medycznego<\/p><p>\u00a0<\/p><p><strong>\u00a024.04.2023<\/strong><\/p><p><strong>\u00a0<\/strong><\/p><p>W dniach 14-16 kwietnia 2023r. W Dolinie Charlotty ko\u0142o S\u0142upska odby\u0142a si\u0119 II Og\u00f3lnopolska Konferencja Dydaktyki Anatomicznej pod honorowym patronatem Rektora PUM zorganizowana przez Katedr\u0119 i Zak\u0142ad Anatomii Prawid\u0142owej PUM oraz Polskie Towarzystwo Anatomiczne. W konferencji wzi\u0119\u0142o udzia\u0142 50 pracownik\u00f3w naukowo-dydaktycznych z prawie wszystkich katedr i zak\u0142ad\u00f3w anatomii prawid\u0142owej uczelni medycznych w Polsce. Celem spotkania by\u0142o przedstawienie dotychczasowych osi\u0105gni\u0119\u0107 w zakresie prowadzenia dydaktyki anatomicznej, pokazanie mo\u017cliwo\u015bci jakie daje wsp\u00f3\u0142czesna technika w poznaniu i zainteresowaniu naukami morfologicznymi student\u00f3w kierunk\u00f3w medycznych. Wydarzenie podzielone by\u0142o na dwie sesje i dwa panele dyskusyjne.<\/p><p>\u00a0<\/p><p>Sesje po\u015bwi\u0119cono wykorzystaniu rekonstrukcji anatomicznej w oparciu o obrazy radiologiczne do nauczania anatomii, metodom nauczania z u\u017cyciem modeli 3D, modeli anatomicznych, program\u00f3w on-line w dydaktyce a tak\u017ce nowelizacji prawa unijnego dotycz\u0105cego u\u017cycia formaldehydu do utrwalania preparat\u00f3w anatomicznych. Om\u00f3wiono mocne i s\u0142abe strony tych metod i narz\u0119dzi. Podkre\u015blano, \u017ce rekonstrukcje anatomiczne w oparciu o u\u017cycie najnowszych metod rtg, TK, MR powinny mie\u0107 kluczowe znaczenie w praktyce nauczania anatomii.<\/p><p>\u00a0<\/p><p>W trakcie konferencji odby\u0142y si\u0119 warsztaty z nowych technik nauczania prowadzone przez firmy Siemens Healthcare Polska, Elsevier, Pearson oraz OpenMedis. Swoje wydawnictwa zwi\u0105zane z anatomi\u0105 prezentowa\u0142y firmy Edra, Elsevier, MedPharm i Pearson.<\/p><p>Konferencj\u0119 zako\u0144czy\u0142o posiedzenie komisji ds. mianownictwa anatomicznego, na kt\u00f3rym dyskutowano o zmianach w tym obszarze oraz komisji ds. certyfikatu PTA dla os\u00f3b, kt\u00f3re zamierzaj\u0105 naucza\u0107 anatomii. Mamy nadzieje, \u017ce II Og\u00f3lnopolska Konferencja Dydaktyki Anatomicznej przyczyni si\u0119 do wzbogacenia i ujednolicenia nauczania anatomii na kierunkach medycznych w Polsce<\/p><p>\u00a0<\/p><p><strong>17.09.2022<\/strong><\/p><p>W dniach 14 \u2013 16 wrze\u015bnia 2022 roku w budynku Rektoratu Pomorskiego Uniwersytetu Medycznego w Szczecinie odby\u0142 si\u0119 XXXIV Og\u00f3lnopolski Kongres Polskiego Towarzystwa Anatomicznego zorganizowany przez szczeci\u0144ski oddzia\u0142 Polskiego Towarzystwa Anatomicznego oraz Katedr\u0119 i Zak\u0142ad Anatomii Prawid\u0142owej PUM. Po ponad 65 latach Kongres powr\u00f3ci\u0142 do Szczecina, goszcz\u0105c ponad 130 naukowc\u00f3w i student\u00f3w z 23 o\u015brodk\u00f3w akademickich z ca\u0142ego kraju, dla kt\u00f3rych szeroko poj\u0119ta anatomia stanowi pasj\u0119 w odkrywaniu coraz to nowych informacji jak\u017ce niezb\u0119dnych dla pracy klinicyst\u00f3w i ludzi dbaj\u0105cych o zdrowie i \u017cycie pacjent\u00f3w.<\/p><p>Kongres Polskiego Towarzystwa Anatomicznego w Szczecinie by\u0142 kolejnym z cyklicznie organizowanych od roku 1926 Zjazd\u00f3w Polskiego Towarzystwa Anatomicznego. Wyj\u0105tkowo odby\u0142 si\u0119 po 5 letniej przerwie spowodowanej pandemi\u0105 Covid-19, a jego g\u0142\u00f3wnym zadaniem by\u0142a wymiana informacji na temat najnowszych bada\u0144 naukowych prowadzonych w poszczeg\u00f3lnych o\u015brodkach anatomicznych w Polsce oraz co r\u00f3wnie istotne zwr\u00f3cenia uwagi na najnowsze trendy w nauczaniu anatomii. Spotkanie anatom\u00f3w cz\u0142owieka jak i zwierz\u0105t zar\u00f3wno na poziomie makroskopowym jak i mikroskopowym stanowi\u0142o doskona\u0142\u0105 okazj\u0119 do wymiany wynik\u00f3w mi\u0119dzy m\u0142odymi i do\u015bwiadczonymi badaczami, jednocze\u015bnie stanowi\u0105c \u017ar\u00f3d\u0142o nowych pomys\u0142\u00f3w i inspiracji. Zaplanowane sesje tematyczne obejmowa\u0142y aspekty anatomii prawid\u0142owej, klinicznej, neuroanatomii, anatomii weterynaryjnej a tak\u017ce histologii. Organizatorzy maj\u0105 nadziej\u0119, i\u017c pobyt uczestnik\u00f3w Kongresu pozwoli\u0142 na poznanie walor\u00f3w miasta Szczecina jako pr\u0119\u017cnego o\u015brodka akademickiego z ogromnym potencja\u0142em kulturalnym i krajoznawczym, a sam zjazd przyczyni\u0142 si\u0119 do nawi\u0105zania owocnej wsp\u00f3\u0142pracy mi\u0119dzy morfologami a czas sp\u0119dzony na spotkaniach integracyjnych towarzysz\u0105cych kongresowi pozostanie w mi\u0142ej pami\u0119ci uczestnik\u00f3w.<\/p><p>\u00a0<\/p><p><strong>29.05.2022<\/strong><\/p><p>W dniach 27-28.05. 2022 odby\u0142 si\u0119 35 fina\u0142 Og\u00f3lnopolskiego Konkursu Wiedzy Anatomicznej Scapula Aurea\/Golden Scapula, w kt\u00f3rym udzia\u0142 wzi\u0119li studenci z jedenastu polskich uczelni, kszta\u0142c\u0105cych na kierunku lekarskim.\u00a0<\/p><p>Konkurs poprzedzony by\u0142 spotkaniem kierownik\u00f3w Katedr i Zak\u0142ad\u00f3w Anatomii oraz opiekun\u00f3w dru\u017cyn, celem om\u00f3wienia regulaminu. Wybrano tak\u017ce Komitet Konkursu oraz komisje odpowiedzialne za w\u0142a\u015bciwe i zgodne z regulaminem przeprowadzenie poszczeg\u00f3lnych etap\u00f3w konkursu.<\/p><p>Uczelnie wystawi\u0142y polsko- i angielskoj\u0119zycznych reprezentant\u00f3w wydzia\u0142\u00f3w, po trzech zawodnik\u00f3w kt\u00f3rych wy\u0142oni\u0142y wcze\u015bniejsze lokalne eliminacje. Rywalizowali oni w dw\u00f3ch cz\u0119\u015bciach Konkursu:<\/p><ul><li>teoretycznej \u2013 w sali wyk\u0142adowej im. prof. Tadeusza Brzezi\u0144skiego uczestnicy rozwi\u0105zywali test wielokrotnego wyboru z jedn\u0105 prawid\u0142ow\u0105 odpowiedzi\u0105, z\u0142o\u017cony z 60 takich samych pod wzgl\u0119dem tre\u015bci pyta\u0144 dla zawodnik\u00f3w polsko- i angloj\u0119zycznych,<\/li><li>praktycznej \u2013 w pomieszczeniach prosektoryjnych Katedry i Zak\u0142adu Anatomii Prawid\u0142owej PUM uczestnicy rozpoznawali 20 preparat\u00f3w anatomicznych, zaakceptowanych wcze\u015bniej przez Komisj\u0119 Konkursu, podaj\u0105c ich nazwy w j\u0119zyku polskim, angielskim lub \u0142aci\u0144skim, zgodnie z mianownictwem anatomicznym.<\/li><\/ul><p>Wyniki Konkursu: \u00a0<\/p><ul><li>Kategoria indywidualna wersji polskoj\u0119zycznej: I miejsce: reprezentant Gda\u0144skiego Uniwersytetu Medycznego, II miejsce: reprezentant Uniwersytetu Jana Kochanowskiego w Kielcach, III miejsce: reprezentant Gda\u0144skiego Uniwersytetu Medycznego.<\/li><li>Kategoria dru\u017cynowa wersji polskoj\u0119zycznej: I miejsce: zesp\u00f3\u0142 Gda\u0144skiego Uniwersytetu Medycznego, II miejsce: zesp\u00f3\u0142 Warszawskiego Uniwersytetu Medycznego, a III miejsce: zesp\u00f3\u0142 Uniwersytetu Jana Kochanowskiego w Kielcach.<\/li><li>Kategoria indywidualnej wersji angloj\u0119zycznej:\u00a0I miejsce: reprezentant Pomorskiego Uniwersytetu Medycznego, II miejsce: reprezentant Uniwersytetu Jagiello\u0144skiego w Krakowie, III miejsce: reprezentant Uniwersytetu Warmi\u0144sko Mazurskiego w Olsztynie.<\/li><li>Kategoria dru\u017cynowa wersji angloj\u0119zycznej: I miejsce: zesp\u00f3\u0142 z Uniwersytetu Jagiello\u0144skiego w Krakowie,\u00a0II miejsce: zesp\u00f3\u0142 z Pomorskiego Uniwersytetu Medycznego w Szczecinie,\u00a0III miejsce: zesp\u00f3\u0142 z Uniwersytetu Warmi\u0144sko Mazurskiego w Olsztynie.<\/li><\/ul><p>Tegoroczny Konkursu, po d\u0142u\u017cszej przerwie spowodowanej pandemi\u0105, umo\u017cliwi\u0142 ponowne spotkanie pracownik\u00f3w dydaktycznych z ca\u0142ej Polski, kt\u00f3rzy mogli podzieli\u0107 si\u0119 swoimi do\u015bwiadczeniami i spostrze\u017ceniami z zakresu pracy ze studentami. By\u0142o to bardzo cenne do\u015bwiadczenie w karierze studenckiej i naukowej.<\/p><p>Organizatorem \u201eScapula Aurea\u201d by\u0142a Katedra i Zak\u0142ad Anatomii Prawid\u0142owej PUM pod kierownictwem prof. Janusza Morysia. Przewodnicz\u0105cym Komitetu Organizacyjnego i opiekunem reprezentacji Pomorskiego Uniwersytetu Medycznego \u2013 dr Cezary Partyka. Konkurs obj\u0119ty by\u0142 patronatem JM Rektora PUM prof. Bogus\u0142awa Machali\u0144skiego. Wydarzenie wsparli tak\u017ce sponsorzy \u2013 wydawnictwa literatury medycznej Edra, MedPharm, Wolters Kluwer i Elsevier.<\/p><p>\u00a0<\/p><p><strong>29.10.2018<\/strong><\/p><p>\u00a0<\/p><p>W dniach 26-27 pa\u017adziernika, odby\u0142a si\u0119 w Warszawie konferencja, zorganizowana przez wydawnictwo medyczne Edra Urban&amp;Partner. W spotkaniu wzi\u0119li udzia\u0142 przedstawiciele wszystkich jednostek, prowadz\u0105cych nauczanie anatomii na kierunkach lekarskich oraz lekarsko-dentystycznych. Tematyka obrad, koncentrowa\u0142a si\u0119 wok\u00f3\u0142 trzech g\u0142\u00f3wnych w\u0105tk\u00f3w: mianownictwa anatomicznego w procesie dydaktycznym, kwestii nauczania modu\u0142owego oraz wykorzystywanej w tym aspekcie literatury, a tak\u017ce mo\u017cliwo\u015bci opracowania nowoczesnego podr\u0119cznika anatomicznego, dla student\u00f3w kierunk\u00f3w lekarskich. Problematyka spotka\u0142a si\u0119 z du\u017cym zainteresowaniem zebranych, czego wyrazem by\u0142a o\u017cywiona dyskusja. Uczestnicy konferencji, zobowi\u0105zali si\u0119 do przeanalizowania wymienionych zagadnie\u0144 oraz przekazania wniosk\u00f3w Pani Dyrektor Edycie B\u0142a\u017cejewskiej.<\/p><p>\u00a0<\/p><p><strong>30.06.2017<\/strong><\/p><p>XXXIII Zjazd Polskiego Towarzystwa Anatomicznego<\/p><p>W dniach 22-24 czerwca 2017 roku odby\u0142 si\u0119 w Katowicach XXXIII Zjazd Polskiego Towarzystwa Anatomicznego. Organizacj\u0105 konferencji zaj\u0105\u0142 si\u0119 \u015al\u0105ski Oddzia\u0142 PTA pod przewodnictwem Prof. Grzegorza Bajora. Patronami honorowymi byli: Prezydent Miasta Katowice Marcin Krupa, Rektor \u015al\u0105skiego Uniwersytetu Medycznego Prof. Przemys\u0142aw Ja\u0142owiecki, a tak\u017ce Prezes Polskiego Towarzystwa Anatomicznego Prof. Marek Grzybiak.\u00a0<\/p><p>W pierwszym dniu odby\u0142o si\u0119 zebranie Zarz\u0105du G\u0142\u00f3wnego PTA, uroczyste otwarcie Zjazdu oraz wyk\u0142ad inauguracyjny ks. dr. Andrzeja Ko\u0142ka pt. \u201eW poszukiwaniu czwartego wymiaru anatomii\u201d. Kolejne dwa dni zosta\u0142y po\u015bwi\u0119cone prezentacjom tematyki z zakresu nauk podstawowych \u2013 anatomii opisowej i topograficznej, a tak\u017ce anatomii klinicznej i por\u00f3wnawczej. Dnia 23.06 odby\u0142o si\u0119 Walne Zebranie PTA na kt\u00f3rym dokonano wyboru cz\u0142onk\u00f3w Zarz\u0105du G\u0142\u00f3wnego na now\u0105 kadencj\u0119. Prezesem Towarzystwa zosta\u0142 po raz kolejny Prof. Marek Grzybiak.<\/p><p>Podczas Zjazdu wyg\u0142oszono jeden wyk\u0142ad inauguracyjny, trzy wyk\u0142ady sesji plenarnej, a tak\u017ce prezentacje ustne w kategoriach: anatomia kliniczna (19), anatomia opisowa i topograficzna (27) oraz anatomia por\u00f3wnawcza (6). Sesje plakatowe w formie multimedialnej stanowi\u0142y prezentacje z zakresu: anatomia por\u00f3wnawcza (48), anatomia opisowa i topograficzna (23), anatomia kliniczna (20), a tak\u017ce varia (14).<\/p><p>W trakcie obrad, przewodnicz\u0105cym sesji powierzono rol\u0119 wy\u0142onienia najlepszych prac, a nominowane prezentacje nagrodzone zosta\u0142y dyplomami.<\/p><p>W konferencji wzi\u0119\u0142o udzia\u0142 og\u00f3\u0142em 150 uczestnik\u00f3w, w tym go\u015bcie z zagranicy.<\/p><p>\u00a0<\/p>\t\t\t\t\t\t\t\t<\/div>\n\t\t\t\t\t<\/div>\n\t\t\t\t<\/div>\n\t\t\t\t<\/div>\n\t\t","protected":false},"excerpt":{"rendered":"<p>Wydarzenia 29.01.2026 Tablica ku czci prof. Zygmunta Szantrocha w gmachu Katedry Anatomii UJ CM\u00a0 W dniu 2.02.2026 o godz. 17.00 [&hellip;]<\/p>\n","protected":false},"author":1,"featured_media":0,"parent":0,"menu_order":0,"comment_status":"closed","ping_status":"closed","template":"","meta":{"site-sidebar-layout":"no-sidebar","site-content-layout":"","ast-site-content-layout":"full-width-container","site-content-style":"default","site-sidebar-style":"default","ast-global-header-display":"","ast-banner-title-visibility":"","ast-main-header-display":"","ast-hfb-above-header-display":"","ast-hfb-below-header-display":"","ast-hfb-mobile-header-display":"","site-post-title":"disabled","ast-breadcrumbs-content":"","ast-featured-img":"disabled","footer-sml-layout":"","ast-disable-related-posts":"","theme-transparent-header-meta":"","adv-header-id-meta":"","stick-header-meta":"","header-above-stick-meta":"","header-main-stick-meta":"","header-below-stick-meta":"","astra-migrate-meta-layouts":"default","ast-page-background-enabled":"default","ast-page-background-meta":{"desktop":{"background-color":"var(--ast-global-color-5)","background-image":"","background-repeat":"repeat","background-position":"center center","background-size":"auto","background-attachment":"scroll","background-type":"","background-media":"","overlay-type":"","overlay-color":"","overlay-opacity":"","overlay-gradient":""},"tablet":{"background-color":"","background-image":"","background-repeat":"repeat","background-position":"center center","background-size":"auto","background-attachment":"scroll","background-type":"","background-media":"","overlay-type":"","overlay-color":"","overlay-opacity":"","overlay-gradient":""},"mobile":{"background-color":"","background-image":"","background-repeat":"repeat","background-position":"center center","background-size":"auto","background-attachment":"scroll","background-type":"","background-media":"","overlay-type":"","overlay-color":"","overlay-opacity":"","overlay-gradient":""}},"ast-content-background-meta":{"desktop":{"background-color":"var(--ast-global-color-4)","background-image":"","background-repeat":"repeat","background-position":"center center","background-size":"auto","background-attachment":"scroll","background-type":"","background-media":"","overlay-type":"","overlay-color":"","overlay-opacity":"","overlay-gradient":""},"tablet":{"background-color":"var(--ast-global-color-4)","background-image":"","background-repeat":"repeat","background-position":"center center","background-size":"auto","background-attachment":"scroll","background-type":"","background-media":"","overlay-type":"","overlay-color":"","overlay-opacity":"","overlay-gradient":""},"mobile":{"background-color":"var(--ast-global-color-4)","background-image":"","background-repeat":"repeat","background-position":"center center","background-size":"auto","background-attachment":"scroll","background-type":"","background-media":"","overlay-type":"","overlay-color":"","overlay-opacity":"","overlay-gradient":""}},"footnotes":""},"class_list":["post-132","page","type-page","status-publish","hentry"],"_links":{"self":[{"href":"https:\/\/pta.info.pl\/index.php?rest_route=\/wp\/v2\/pages\/132","targetHints":{"allow":["GET"]}}],"collection":[{"href":"https:\/\/pta.info.pl\/index.php?rest_route=\/wp\/v2\/pages"}],"about":[{"href":"https:\/\/pta.info.pl\/index.php?rest_route=\/wp\/v2\/types\/page"}],"author":[{"embeddable":true,"href":"https:\/\/pta.info.pl\/index.php?rest_route=\/wp\/v2\/users\/1"}],"replies":[{"embeddable":true,"href":"https:\/\/pta.info.pl\/index.php?rest_route=%2Fwp%2Fv2%2Fcomments&post=132"}],"version-history":[{"count":10,"href":"https:\/\/pta.info.pl\/index.php?rest_route=\/wp\/v2\/pages\/132\/revisions"}],"predecessor-version":[{"id":221,"href":"https:\/\/pta.info.pl\/index.php?rest_route=\/wp\/v2\/pages\/132\/revisions\/221"}],"wp:attachment":[{"href":"https:\/\/pta.info.pl\/index.php?rest_route=%2Fwp%2Fv2%2Fmedia&parent=132"}],"curies":[{"name":"wp","href":"https:\/\/api.w.org\/{rel}","templated":true}]}}